{"id":2684,"date":"2024-05-20T15:57:31","date_gmt":"2024-05-20T15:57:31","guid":{"rendered":"https:\/\/bloc4.coop\/?post_type=agenda&#038;p=2684"},"modified":"2024-05-20T17:24:20","modified_gmt":"2024-05-20T17:24:20","slug":"tallers-cooperatius-pla-de-viabilitat","status":"publish","type":"agenda","link":"https:\/\/bloc4.coop\/es\/agenda\/tallers-cooperatius-pla-de-viabilitat\/","title":{"rendered":"Tallers cooperatius: pla de viabilitat"},"content":{"rendered":"\n<p>Els tallers cooperatius s\u00f3n mensuals i estan orientats a introduir a les persones que estan pensant a crear una cooperativa, en els aspectes m\u00e9s t\u00e8cnics del proc\u00e9s: la redacci\u00f3 dels estatuts, el pla de viabilitat i el pla de sostenibilitat d\u2019equips.<br><br>Els estatus socials<br><br>Formaci\u00f3 adre\u00e7ada a projectes en constituci\u00f3 de cooperatives de treball associat. En aquesta sessi\u00f3 s\u2019explica detalladament en qu\u00e8 consisteix la forma societ\u00e0ria cooperativa i es treballen els diferents aspectes que s\u2019han de tenir en compte a l\u2019hora d\u2019elaborar els Estatuts Socials de l\u2019entitat: la definici\u00f3 dels estatuts socials, les bases de la societat, la tipologia de les persones s\u00f2cies, els drets i deures, el r\u00e8gim econ\u00f2mic, els \u00f2rgans de govern, la gesti\u00f3 i la representaci\u00f3, aix\u00ed com el procediment de dissoluci\u00f3 i liquidaci\u00f3 de la societat. La formaci\u00f3 la impartir\u00e0 Tatiana Bonastre de la cooperativa La Ciutat invisible.<br><br>El pla de viabilitat<br><br>Aquesta sessi\u00f3 dels tallers grupals est\u00e0 dedicada als aspectes econ\u00f2mics a tenir en compte a l\u2019hora d\u2019engegar una cooperativa de treball associat: l\u2019estructura d\u2019ingressos i despeses, i el compte de resultats abreujats. Al llarg de la sessi\u00f3 s\u2019aporten els materials necessaris per elaborar un primer esborrany del pla de viabilitat del projecte. La formaci\u00f3 anir\u00e0 a c\u00e0rrec d\u2019en Ricard Garcia del Col\u00b7lectiu Ronda.<br><br>La sostenibilitat d\u2019equips<br><br>En aquesta sessi\u00f3 es treballen els aspectes relacionals i les din\u00e0miques de sostenibilitat humanes del projecte des d\u2019una perspectiva de l\u2019economia feminista. Es treballar\u00e0 sobre els aspectes que ha de tenir en compte el R\u00e8gim de reglament intern, donant pautes perqu\u00e8 s\u2019elabori un document participat pet tots els membres del projecte. Els elements que es posen sobre la taula s\u00f3n, entre d\u2019altres, la import\u00e0ncia dels processos i la diversitat de necessitats en l\u2019organitzaci\u00f3 de l\u2019activitat, el r\u00e8gim de prestaci\u00f3 de serveis, la sostenibilitat humana i econ\u00f2mica de la cooperativa, la resoluci\u00f3 de conflictes i l\u2019aposta per la intercooperaci\u00f3. La formaci\u00f3 anir\u00e0 a c\u00e0rrec de l\u2019Ana Mu\u00f1oz de la cooperativa La ciutat invisible.<\/p>\n","protected":false},"excerpt":{"rendered":"<p>Els tallers cooperatius s\u00f3n mensuals i estan orientats a introduir a les persones que estan pensant a crear una cooperativa, en els aspectes m\u00e9s t\u00e8cnics del proc\u00e9s: la redacci\u00f3 dels estatuts, el pla de viabilitat i el pla de sostenibilitat d\u2019equips. Els estatus socials Formaci\u00f3 adre\u00e7ada a projectes en constituci\u00f3 de cooperatives de treball associat. [&hellip;]<\/p>\n","protected":false},"featured_media":2686,"template":"","categoria-agenda":[12],"class_list":["post-2684","agenda","type-agenda","status-publish","has-post-thumbnail","hentry","categoria-agenda-formacions"],"acf":[],"_links":{"self":[{"href":"https:\/\/bloc4.coop\/es\/wp-json\/wp\/v2\/agenda\/2684","targetHints":{"allow":["GET"]}}],"collection":[{"href":"https:\/\/bloc4.coop\/es\/wp-json\/wp\/v2\/agenda"}],"about":[{"href":"https:\/\/bloc4.coop\/es\/wp-json\/wp\/v2\/types\/agenda"}],"version-history":[{"count":0,"href":"https:\/\/bloc4.coop\/es\/wp-json\/wp\/v2\/agenda\/2684\/revisions"}],"wp:featuredmedia":[{"embeddable":true,"href":"https:\/\/bloc4.coop\/es\/wp-json\/wp\/v2\/media\/2686"}],"wp:attachment":[{"href":"https:\/\/bloc4.coop\/es\/wp-json\/wp\/v2\/media?parent=2684"}],"wp:term":[{"taxonomy":"categoria-agenda","embeddable":true,"href":"https:\/\/bloc4.coop\/es\/wp-json\/wp\/v2\/categoria-agenda?post=2684"}],"curies":[{"name":"wp","href":"https:\/\/api.w.org\/{rel}","templated":true}]}}