{"id":6751,"date":"2026-04-07T13:58:20","date_gmt":"2026-04-07T13:58:20","guid":{"rendered":"https:\/\/bloc4.coop\/?post_type=agenda&#038;p=6751"},"modified":"2026-04-07T13:58:21","modified_gmt":"2026-04-07T13:58:21","slug":"regularitzacio-extraordinaria","status":"publish","type":"agenda","link":"https:\/\/bloc4.coop\/es\/agenda\/regularitzacio-extraordinaria\/","title":{"rendered":"Regularitzaci\u00f3 extraordin\u00e0ria"},"content":{"rendered":"\n<p>La&nbsp;<strong>situaci\u00f3 administrativa de les persones migrants extracomunit\u00e0ries<\/strong>&nbsp;ha estat sempre uns dels principals obstacles perqu\u00e8 puguin accedir no nom\u00e9s als seus drets, sin\u00f3 tamb\u00e9 formar part de manera formal de projectes d\u2019ESS.<\/p>\n\n\n\n<p><strong>Al mes d\u2019abril es va obrir un proc\u00e9s de regularitzaci\u00f3 extraordin\u00e0ria<\/strong>, producte de la lluita dels col\u00b7lectius migrants i les seves aliades, que durar\u00e0 fins al juny. Aquest proc\u00e9s ha de permetre que tots els ve\u00efns i ve\u00efnes i les seves fam\u00edlies, que avui dia es troben sense papers, puguin accedir-hi. A m\u00e9s, tamb\u00e9 \u00e9s una&nbsp;<strong>oportunitat per l\u2019ESS per poder generar processos d\u2019incorporaci\u00f3 formal a les seves organitzacions.&nbsp;<\/strong><\/p>\n\n\n\n<p>El proc\u00e9s de regularitzaci\u00f3 extraordin\u00e0ria no \u00e9s nom\u00e9s una vict\u00f2ria pol\u00edtica i social fruit de la resili\u00e8ncia col\u00b7lectiva, sin\u00f3 que hauria de representar un punt d\u2019inflexi\u00f3 per a l\u2019Economia Social i Solid\u00e0ria (ESS).&nbsp;L\u2019ESS, que posa la vida i les persones al centre, sovint s\u2019ha trobat amb la&nbsp;<strong>barrera burocr\u00e0tica de la llei d\u2019estrangeria<\/strong>, essent els obstacles legals un dels principals topalls per incorporar persones migrants de manera formal a les nostres entitats.<\/p>\n\n\n\n<p>\u00c9s vital que les estructures de suport de<strong>&nbsp;l\u2019ESS posem tota la nostra capacitat a disposici\u00f3 d\u2019aquest proc\u00e9s per evitar que la burocr\u00e0cia torni a ser una barrera excloent.&nbsp;<\/strong>En aquesta sessi\u00f3, una vegada ja iniciat el proc\u00e9s de regularitzaci\u00f3 extraordin\u00e0ria, es presentaran els passos a seguir aix\u00ed com la manera com s\u2019est\u00e0 aplicant el procediment.<\/p>\n\n\n\n<p>A c\u00e0rrec d\u2019Oumaima Blal Lahlimi d\u2019<strong>Illay Legal.<\/strong><\/p>\n","protected":false},"excerpt":{"rendered":"<p>La&nbsp;situaci\u00f3 administrativa de les persones migrants extracomunit\u00e0ries&nbsp;ha estat sempre uns dels principals obstacles perqu\u00e8 puguin accedir no nom\u00e9s als seus drets, sin\u00f3 tamb\u00e9 formar part de manera formal de projectes d\u2019ESS. Al mes d\u2019abril es va obrir un proc\u00e9s de regularitzaci\u00f3 extraordin\u00e0ria, producte de la lluita dels col\u00b7lectius migrants i les seves aliades, que durar\u00e0 [&hellip;]<\/p>\n","protected":false},"featured_media":6752,"template":"","categoria-agenda":[],"class_list":["post-6751","agenda","type-agenda","status-publish","has-post-thumbnail","hentry"],"acf":[],"_links":{"self":[{"href":"https:\/\/bloc4.coop\/es\/wp-json\/wp\/v2\/agenda\/6751","targetHints":{"allow":["GET"]}}],"collection":[{"href":"https:\/\/bloc4.coop\/es\/wp-json\/wp\/v2\/agenda"}],"about":[{"href":"https:\/\/bloc4.coop\/es\/wp-json\/wp\/v2\/types\/agenda"}],"version-history":[{"count":0,"href":"https:\/\/bloc4.coop\/es\/wp-json\/wp\/v2\/agenda\/6751\/revisions"}],"wp:featuredmedia":[{"embeddable":true,"href":"https:\/\/bloc4.coop\/es\/wp-json\/wp\/v2\/media\/6752"}],"wp:attachment":[{"href":"https:\/\/bloc4.coop\/es\/wp-json\/wp\/v2\/media?parent=6751"}],"wp:term":[{"taxonomy":"categoria-agenda","embeddable":true,"href":"https:\/\/bloc4.coop\/es\/wp-json\/wp\/v2\/categoria-agenda?post=6751"}],"curies":[{"name":"wp","href":"https:\/\/api.w.org\/{rel}","templated":true}]}}