{"id":3,"date":"2023-01-25T12:32:10","date_gmt":"2023-01-25T12:32:10","guid":{"rendered":"http:\/\/bloc4.coop\/jovess\/?page_id=3"},"modified":"2025-06-24T08:50:47","modified_gmt":"2025-06-24T08:50:47","slug":"privacitat","status":"publish","type":"page","link":"https:\/\/bloc4.coop\/jovess\/privacitat\/","title":{"rendered":"Pol\u00edtica de privacitat"},"content":{"rendered":"\t\t<div data-elementor-type=\"wp-page\" data-elementor-id=\"3\" class=\"elementor elementor-3\" data-elementor-post-type=\"page\">\n\t\t\t\t<div class=\"elementor-element elementor-element-20161e3 e-con-full e-flex e-con e-parent\" data-id=\"20161e3\" data-element_type=\"container\" data-e-type=\"container\" data-settings=\"{&quot;background_background&quot;:&quot;classic&quot;}\">\n\t\t<div class=\"elementor-element elementor-element-b0c75ef e-con-full e-flex e-con e-child\" data-id=\"b0c75ef\" data-element_type=\"container\" data-e-type=\"container\">\n\t\t\t\t<div class=\"elementor-element elementor-element-bc8c969 elementor-widget elementor-widget-spacer\" data-id=\"bc8c969\" data-element_type=\"widget\" data-e-type=\"widget\" data-widget_type=\"spacer.default\">\n\t\t\t\t<div class=\"elementor-widget-container\">\n\t\t\t\t\t\t\t<div class=\"elementor-spacer\">\n\t\t\t<div class=\"elementor-spacer-inner\"><\/div>\n\t\t<\/div>\n\t\t\t\t\t\t<\/div>\n\t\t\t\t<\/div>\n\t\t\t\t<div class=\"elementor-element elementor-element-c75b667 elementor-widget__width-inherit elementor-widget elementor-widget-heading\" data-id=\"c75b667\" data-element_type=\"widget\" data-e-type=\"widget\" data-widget_type=\"heading.default\">\n\t\t\t\t<div class=\"elementor-widget-container\">\n\t\t\t\t\t<h1 class=\"elementor-heading-title elementor-size-default\">Pol\u00edtica de privacitat<\/h1>\t\t\t\t<\/div>\n\t\t\t\t<\/div>\n\t\t\t\t<\/div>\n\t\t\t\t<\/div>\n\t\t<div class=\"elementor-element elementor-element-d626748 e-con-full e-flex e-con e-parent\" data-id=\"d626748\" data-element_type=\"container\" data-e-type=\"container\" data-settings=\"{&quot;background_background&quot;:&quot;classic&quot;}\">\n\t\t<div class=\"elementor-element elementor-element-204b495 e-con-full e-flex e-con e-child\" data-id=\"204b495\" data-element_type=\"container\" data-e-type=\"container\">\n\t\t<div class=\"elementor-element elementor-element-f647cf0 e-con-full e-flex e-con e-child\" data-id=\"f647cf0\" data-element_type=\"container\" data-e-type=\"container\">\n\t\t\t\t<div class=\"elementor-element elementor-element-41af0dc elementor-widget elementor-widget-text-editor\" data-id=\"41af0dc\" data-element_type=\"widget\" data-e-type=\"widget\" data-widget_type=\"text-editor.default\">\n\t\t\t\t<div class=\"elementor-widget-container\">\n\t\t\t\t\t\t\t\t\t<p>1.INFORMACI\u00d3 PER LA PERSONA USU\u00c0RIA<\/p>\n<p>Qui es el responsable del tractament de les teves dades personals?<\/p>\n<p>L\u2019Associaci\u00f3 Bloc4 es el RESPONSABLE del tractament de les dades personals de l\u2019PERSONA USU\u00c0RIA i l\u2019informa que aquestes dades es tracten de conformitat amb el que disposa el Reglament (UE) 2016\/679, de 27 d\u2019abril (GDPR), i la Llei Org\u00e0nica 3\/2018, de 5 de desembre (LOPDGDD)<\/p>\n<p>Perqu\u00e8 tractem les teves dades personals?<\/p>\n<p>Per mantenir una relaci\u00f3 comercial amb la persona usu\u00e0ria. Les operacions previstes per fer el tractament s\u00f3n:\u00a0<\/p>\n<p>Per quin motiu podem tractar les teves dades personals?<\/p>\n<p>Perqu\u00e8 el tractament est\u00e0 legitimat per l\u2019article 6 del RGDP de la seguent manera:\u00a0<\/p>\n<ul>\n<li aria-level=\"1\">Amb el consentiment de la\u00a0PERSONA USU\u00c0RIA: enviament de comunicacions comercials i del butllet\u00ed informatiu.\u00a0<\/li>\n<li aria-level=\"1\">Per inter\u00e8s leg\u00edtim del RESPONSABLE: efectuar estudis de mercat, an\u00e0lisis estad\u00edstiques, etc. i tramitar enc\u00e0rrecs, sol\u00b7licituds, etc. a petici\u00f3 de a PERSONA USU\u00c0RIA.<\/li>\n<\/ul>\n<p>Durant quant de temps guardarem les teves dades personals?<\/p>\n<p>Es conservaran durant no m\u00e9s temps del necessari per mantenir la finalitat del tractament o mentre hi hagi prescripcions legals que en dictaminin la cust\u00f2dia i quan ja no sigui necessari per a aix\u00f2, es suprimir\u00e0n amb mesures de seguretat adequades per garantir l\u2019anonimitzaci\u00f3 de les dades o la seva destrucci\u00f3 total.\u00a0<\/p>\n<p>A qui facilitem les teves dades personals?<\/p>\n<p>Es preveu la comunicaci\u00f3 de dades personals a tercers per tal de portar a terme l\u2019adequat desenvolupament i execuci\u00f3 de les finalitats del tractament.<\/p>\n<p>Qui son els teus drets?<\/p>\n<p>Els drets que t\u00e9\u00a0la\u00a0PERSONA USU\u00c0RIA\u00a0s\u00f3n:\u00a0<\/p>\n<ul>\n<li aria-level=\"1\">Dret a retirar el consentiment en qualsevol moment.<\/li>\n<li aria-level=\"1\">Dret d\u2019acc\u00e9s, rectificaci\u00f3, portabilitat i supressi\u00f3 de les seves dades i de limitaci\u00f3 o oposici\u00f3 al seu tractament.\u00a0<\/li>\n<li aria-level=\"1\">Dret a presentar una reclamaci\u00f3 davant de l\u2019autoritat de control (<a href=\"http:\/\/www.aepd.es\/\" target=\"_blank\" rel=\"noopener noreferrer nofollow\">www.aepd.es<\/a>) si considera que el tractament no s\u2019ajusta a la normativa vigent.\u00a0<\/li>\n<\/ul>\n<p>Dades de contacte per exercir els seus drets:\u00a0<\/p>\n<p>Associaci\u00f3 Bloc4, carrer Constituci\u00f3, 19 Bloc4 (Recinte Can Batll\u00f3) 08014 Barcelona<\/p>\n<p><a href=\"mailto:protecciodades@bloc4.coop\" target=\"_blank\" rel=\"noopener\">protecciodades@bloc4.coop<\/a>\u00a0<\/p>\n<p>2.CAR\u00c0CTER OBLIGATORI O FACULTATIU DE LA INFORMACI\u00d3 FACILITADA PER LA\u00a0PERSONA USU\u00c0RIA<\/p>\n<p>Les PERSONES USU\u00c0RIES, per mitj\u00e0 de les caselles corresponents I la introducci\u00f3 de dades en els camps, marcats amb l\u2019asterisc (*) en el formulari de contacte o presentats en formularis de desc\u00e0rrega, accepten expressament i de manera lliure e inequ\u00edvoca, que les seves dades s\u00f3n necess\u00e0ries per a l\u2019atenci\u00f3 de la seva petici\u00f3, per part del prestador, i que per tant la inclusi\u00f3 de les dades en els camps restants es volunt\u00e0ria. La PERSONA USU\u00c0RIA garanteix que les dades personals facilitades al RESPONSABLE s\u00f3n ver\u00eddiques i es fa responsable de comunicar-ne qualsevol modificaci\u00f3.\u00a0<\/p>\n<p>El RESPONSABLE informa que totes les dades sol\u00b7licitades a traves del lloc web s\u00f3n obligat\u00f2ries, ja que s\u00f3n necess\u00e0ries per a la prestaci\u00f3 d\u2019un servei \u00f2ptima la PERSONA USU\u00c0RIA.<\/p>\n<p>. En cas que no es facilitin totes les dades, no es garanteix que la informaci\u00f3 i serveis facilitats s\u2019ajustin completament a les seves necessitats.\u00a0<\/p>\n<p>3.MESURES DE SEGURETAT\u00a0<\/p>\n<p>Que, de conformitat amb el que estableixen les normatives vigents en protecci\u00f3 de dades personals, el RESPONSABLE est\u00e0 complint amb totes les disposicions de les normatives GDPR i LOPDGDD per al tractament de les dades personals de la seva responsabilitat, i manifestament amb els principis descrits a l\u2019article 5 del GDPR, pels quals es tracten de manera l\u00edcita, lleial i transparent en relaci\u00f3 amb l\u2019interessat i adequades, pertinents i limitades al que es necessari en relaci\u00f3 amb les finalitats per a les quals es tracten.<\/p>\n<p>El RESPONSABLE garanteix que ha implementat pol\u00edtiques t\u00e8cniques i organitzatives apropiades per aplicar les mesures de seguretat que estableixen el GDPR i la LOPDGDD per tal de protegir els drets i llibertats de les PERSONES USU\u00c0RIES i els ha comunicat la informaci\u00f3 adequada perque puguin exercir-los.\u00a0<\/p>\n<p>Per a m\u00e9s informaci\u00f3 sobre les garanties de privacitat, pots dirigir-te al RESPONSABLE a trav\u00e9s de Associaci\u00f3 Bloc4, carrer Constituci\u00f3, 19 Bloc4 (Recinte Can Batll\u00f3) 08014 Barcelona o al correu protecciodades@bloc4.coop\u00a0<\/p>\t\t\t\t\t\t\t\t<\/div>\n\t\t\t\t<\/div>\n\t\t\t\t<\/div>\n\t\t\t\t<\/div>\n\t\t\t\t<\/div>\n\t\t\t\t<\/div>\n\t\t","protected":false},"excerpt":{"rendered":"<p>1.INFORMACI\u00d3 PER LA PERSONA USU\u00c0RIA Qui es el responsable del tractament de les teves dades personals? L\u2019Associaci\u00f3 Bloc4 es el RESPONSABLE del tractament de les dades personals de l\u2019PERSONA USU\u00c0RIA i l\u2019informa que aquestes dades es tracten de conformitat amb el que disposa el Reglament (UE) 2016\/679, de 27 d\u2019abril (GDPR), i la Llei Org\u00e0nica [&hellip;]<\/p>\n","protected":false},"author":1,"featured_media":0,"parent":0,"menu_order":15,"comment_status":"closed","ping_status":"closed","template":"","meta":{"_acf_changed":false,"footnotes":""},"class_list":["post-3","page","type-page","status-publish","hentry"],"acf":[],"_links":{"self":[{"href":"https:\/\/bloc4.coop\/jovess\/wp-json\/wp\/v2\/pages\/3","targetHints":{"allow":["GET"]}}],"collection":[{"href":"https:\/\/bloc4.coop\/jovess\/wp-json\/wp\/v2\/pages"}],"about":[{"href":"https:\/\/bloc4.coop\/jovess\/wp-json\/wp\/v2\/types\/page"}],"author":[{"embeddable":true,"href":"https:\/\/bloc4.coop\/jovess\/wp-json\/wp\/v2\/users\/1"}],"replies":[{"embeddable":true,"href":"https:\/\/bloc4.coop\/jovess\/wp-json\/wp\/v2\/comments?post=3"}],"version-history":[{"count":5,"href":"https:\/\/bloc4.coop\/jovess\/wp-json\/wp\/v2\/pages\/3\/revisions"}],"predecessor-version":[{"id":2371,"href":"https:\/\/bloc4.coop\/jovess\/wp-json\/wp\/v2\/pages\/3\/revisions\/2371"}],"wp:attachment":[{"href":"https:\/\/bloc4.coop\/jovess\/wp-json\/wp\/v2\/media?parent=3"}],"curies":[{"name":"wp","href":"https:\/\/api.w.org\/{rel}","templated":true}]}}